{"id":308,"date":"2020-01-13T10:41:00","date_gmt":"2020-01-13T10:41:00","guid":{"rendered":"https:\/\/demosites.io\/web-agency-gb\/?page_id=2"},"modified":"2026-01-26T08:06:16","modified_gmt":"2026-01-26T07:06:16","slug":"aktuelles","status":"publish","type":"page","link":"https:\/\/realschule-gruenstrasse.de\/?page_id=308","title":{"rendered":"Aktuelles"},"content":{"rendered":"\n<div class=\"wp-block-cover alignfull is-light\" style=\"min-height:410px;aspect-ratio:unset;\"><img loading=\"lazy\" decoding=\"async\" width=\"1594\" height=\"443\" class=\"wp-block-cover__image-background wp-image-9\" alt=\"\" src=\"https:\/\/realschule-gruenstrasse.de\/wp-content\/uploads\/2023\/11\/RSG.jpg\" data-object-fit=\"cover\"\/><span aria-hidden=\"true\" class=\"wp-block-cover__background has-background-dim-0 has-background-dim\"><\/span><div class=\"wp-block-cover__inner-container is-layout-flow wp-block-cover-is-layout-flow\">\n<div style=\"height:80px\" aria-hidden=\"true\" class=\"wp-block-spacer\"><\/div>\n\n\n\n<h1 class=\"wp-block-heading has-text-align-center has-text-color\" style=\"color:#121212\"><\/h1>\n\n\n\n<div style=\"height:80px\" aria-hidden=\"true\" class=\"wp-block-spacer\"><\/div>\n\n\n\n<div style=\"height:80px\" aria-hidden=\"true\" class=\"wp-block-spacer\"><\/div>\n<\/div><\/div>\n\n\n\n<div class=\"wp-block-columns is-layout-flex wp-container-core-columns-is-layout-9d6595d7 wp-block-columns-is-layout-flex\">\n<div class=\"wp-block-column is-layout-flow wp-block-column-is-layout-flow\"><\/div>\n<\/div>\n\n\n\n<h1 class=\"wp-block-heading\">Aktuelles<\/h1>\n\n\n<ul class=\"wp-block-latest-posts__list is-grid columns-3 has-dates wp-block-latest-posts\"><li><div class=\"wp-block-latest-posts__featured-image\"><img loading=\"lazy\" decoding=\"async\" width=\"500\" height=\"500\" src=\"https:\/\/realschule-gruenstrasse.de\/wp-content\/uploads\/2026\/04\/IMG_6856-1-500x500.jpeg\" class=\"attachment-thumbnail size-thumbnail wp-post-image\" alt=\"\" style=\"\" \/><\/div><a class=\"wp-block-latest-posts__post-title\" href=\"https:\/\/realschule-gruenstrasse.de\/?p=1505\">Elterncaf\u00e9 in der Mensa \u2013 ein gem\u00fctlicher Start<\/a><time datetime=\"2026-04-17T11:25:01+02:00\" class=\"wp-block-latest-posts__post-date\">17. April 2026<\/time><div class=\"wp-block-latest-posts__post-excerpt\">Beim gestrigen Elterncaf\u00e9 in der Mensa der Realschule Gr\u00fcnstra\u00dfe stand eines im Mittelpunkt: Begegnung. Bei frisch gebr\u00fchtem Kaffee und einer Auswahl an Kuchen kamen Eltern und Lehrkr\u00e4fte\u00a0 miteinander ins Gespr\u00e4ch. Die entspannte Atmosph\u00e4re bot Raum f\u00fcr Austausch, neue Kontakte und kleine Einblicke in den Schulalltag. Es war ein gelungenes Treffen, das zeigt, wie wertvoll gemeinsames&hellip;&nbsp;<a href=\"https:\/\/realschule-gruenstrasse.de\/?p=1505\" rel=\"bookmark\">Weiterlesen &raquo;<span class=\"screen-reader-text\">Elterncaf\u00e9 in der Mensa \u2013 ein gem\u00fctlicher Start<\/span><\/a><\/div><\/li>\n<li><div class=\"wp-block-latest-posts__featured-image\"><img loading=\"lazy\" decoding=\"async\" width=\"500\" height=\"500\" src=\"https:\/\/realschule-gruenstrasse.de\/wp-content\/uploads\/2026\/03\/Crashkurs-4-500x500.jpg\" class=\"attachment-thumbnail size-thumbnail wp-post-image\" alt=\"\" style=\"\" \/><\/div><a class=\"wp-block-latest-posts__post-title\" href=\"https:\/\/realschule-gruenstrasse.de\/?p=1490\">Crash Kurs NRW an der RSG<\/a><time datetime=\"2026-03-04T08:18:31+01:00\" class=\"wp-block-latest-posts__post-date\">4. M\u00e4rz 2026<\/time><div class=\"wp-block-latest-posts__post-excerpt\">In dieser Woche fand wieder der \u201eCrash Kurs NRW\u201c an der Realschule Gr\u00fcnstra\u00dfe f\u00fcr die Sch\u00fclerinnen und Sch\u00fcler der 10. Klasse statt. Die Veranstaltung hat das Ziel die Zahl von schweren Verkehrsunf\u00e4llen \u2013 vor allem Verkehrsunf\u00e4lle unter Beteiligung junger Menschen \u2013 nachhaltig zu senken. Zu diesem Zweck wurde den Sch\u00fclerinnen und Sch\u00fcler von regionalen und&hellip;&nbsp;<a href=\"https:\/\/realschule-gruenstrasse.de\/?p=1490\" rel=\"bookmark\">Weiterlesen &raquo;<span class=\"screen-reader-text\">Crash Kurs NRW an der RSG<\/span><\/a><\/div><\/li>\n<li><div class=\"wp-block-latest-posts__featured-image\"><img loading=\"lazy\" decoding=\"async\" width=\"500\" height=\"500\" src=\"https:\/\/realschule-gruenstrasse.de\/wp-content\/uploads\/2026\/02\/mercedes-benz-o-530-le-ue-108593-500x500.jpg\" class=\"attachment-thumbnail size-thumbnail wp-post-image\" alt=\"\" style=\"\" \/><\/div><a class=\"wp-block-latest-posts__post-title\" href=\"https:\/\/realschule-gruenstrasse.de\/?p=1476\">Warnstreik bei der VER \u2013 Kein Sch\u00fclerverkehr am 27. Februar 2026<\/a><time datetime=\"2026-02-25T12:41:01+01:00\" class=\"wp-block-latest-posts__post-date\">25. Februar 2026<\/time><div class=\"wp-block-latest-posts__post-excerpt\">Die VER informiert dar\u00fcber, dass es am Freitag, 27.02.2026 aufgrund eines angek\u00fcndigten Warnstreiks zu erheblichen Einschr\u00e4nkungen im gesamten Verkehrsgebiet kommt. Der regul\u00e4re Fahrbetrieb einschlie\u00dflich des Sch\u00fclerverkehrs entf\u00e4llt an diesem Tag. Der Unterricht findet regul\u00e4r statt. Alle Sch\u00fclerinnen und Sch\u00fcler, die die Schule erreichen k\u00f6nnen, nehmen bitte wie gewohnt am Unterricht teil. Sollte der Schulweg streikbedingt&hellip;&nbsp;<a href=\"https:\/\/realschule-gruenstrasse.de\/?p=1476\" rel=\"bookmark\">Weiterlesen &raquo;<span class=\"screen-reader-text\">Warnstreik bei der VER \u2013 Kein Sch\u00fclerverkehr am 27. Februar 2026<\/span><\/a><\/div><\/li>\n<li><div class=\"wp-block-latest-posts__featured-image\"><img loading=\"lazy\" decoding=\"async\" width=\"500\" height=\"500\" src=\"https:\/\/realschule-gruenstrasse.de\/wp-content\/uploads\/2026\/02\/01-500x500.jpeg\" class=\"attachment-thumbnail size-thumbnail wp-post-image\" alt=\"\" style=\"\" \/><\/div><a class=\"wp-block-latest-posts__post-title\" href=\"https:\/\/realschule-gruenstrasse.de\/?p=1445\">Ein spannender Einblick hinter die Kulissen \u2013 Besuch im Aalto-Theater in Essen<\/a><time datetime=\"2026-02-09T08:29:42+01:00\" class=\"wp-block-latest-posts__post-date\">9. Februar 2026<\/time><div class=\"wp-block-latest-posts__post-excerpt\">Im Januar besuchten wir an zwei Terminen mit zwei Gruppen unserer DaZ-Sch\u00fcler das Aalto-Theater in Essen.Im Rahmen einer abwechslungsreichen F\u00fchrung bekamen unsere Sch\u00fclerinnen und Sch\u00fcler einen Einblick in und hinter die Kulissen des ber\u00fchmten Theaters, welches nach dem finnischen Architekten Alvar Aalto benannt und in den Jahren 1983 bis 1988 errichtet wurde. Wir besuchten die&hellip;&nbsp;<a href=\"https:\/\/realschule-gruenstrasse.de\/?p=1445\" rel=\"bookmark\">Weiterlesen &raquo;<span class=\"screen-reader-text\">Ein spannender Einblick hinter die Kulissen \u2013 Besuch im Aalto-Theater in Essen<\/span><\/a><\/div><\/li>\n<li><div class=\"wp-block-latest-posts__featured-image\"><img loading=\"lazy\" decoding=\"async\" width=\"500\" height=\"500\" src=\"https:\/\/realschule-gruenstrasse.de\/wp-content\/uploads\/2025\/12\/FullSizeRender-500x500.jpeg\" class=\"attachment-thumbnail size-thumbnail wp-post-image\" alt=\"\" style=\"\" \/><\/div><a class=\"wp-block-latest-posts__post-title\" href=\"https:\/\/realschule-gruenstrasse.de\/?p=1276\">Weihnachtliche Talentshow 2025<\/a><time datetime=\"2025-12-23T10:29:10+01:00\" class=\"wp-block-latest-posts__post-date\">23. Dezember 2025<\/time><div class=\"wp-block-latest-posts__post-excerpt\">Am 18. Dezember 2025 fand zum dritten Mal unsere von der SV organisierte weihnachtliche Talentshow statt. W\u00e4hrend des Schultags pr\u00e4sentierten viele Sch\u00fclerinnen und Sch\u00fcler ihre Talente und sorgten f\u00fcr eine fr\u00f6hliche, festliche Stimmung in der Aula. Zum Abschluss sangen wir gemeinsam Weihnachtslieder und verabschiedeten uns in die Ferien. Wir w\u00fcnschen allen eine erholsame Weihnachtszeit und&hellip;&nbsp;<a href=\"https:\/\/realschule-gruenstrasse.de\/?p=1276\" rel=\"bookmark\">Weiterlesen &raquo;<span class=\"screen-reader-text\">Weihnachtliche Talentshow 2025<\/span><\/a><\/div><\/li>\n<li><div class=\"wp-block-latest-posts__featured-image\"><img loading=\"lazy\" decoding=\"async\" width=\"500\" height=\"500\" src=\"https:\/\/realschule-gruenstrasse.de\/wp-content\/uploads\/2025\/12\/2-1-500x500.jpeg\" class=\"attachment-thumbnail size-thumbnail wp-post-image\" alt=\"\" style=\"\" \/><\/div><a class=\"wp-block-latest-posts__post-title\" href=\"https:\/\/realschule-gruenstrasse.de\/?p=1263\">Ein herzlicher und festlicher Informationstag an unserer Schule!<\/a><time datetime=\"2025-12-11T13:34:46+01:00\" class=\"wp-block-latest-posts__post-date\">11. Dezember 2025<\/time><div class=\"wp-block-latest-posts__post-excerpt\">Am 5. Dezember 2025 \u00f6ffnete die Realschule Gr\u00fcnstra\u00dfe ihre T\u00fcren f\u00fcr interessierte Sch\u00fclerinnen und Sch\u00fcler sowie deren Eltern. \u2022 Zahlreiche G\u00e4ste nutzten die Gelegenheit, unsere Schule und das vielf\u00e4ltige Schulleben kennenzulernen.\u2022 Lehrkr\u00e4fte und Sch\u00fclerinnen und Sch\u00fcler stellten Projekte, F\u00e4cher und Arbeitsgemeinschaften vor.\u2022 In pers\u00f6nlichen Gespr\u00e4chen konnten Fragen beantwortet und Eindr\u00fccke vertieft werden. Wir danken allen&hellip;&nbsp;<a href=\"https:\/\/realschule-gruenstrasse.de\/?p=1263\" rel=\"bookmark\">Weiterlesen &raquo;<span class=\"screen-reader-text\">Ein herzlicher und festlicher Informationstag an unserer Schule!<\/span><\/a><\/div><\/li>\n<li><div class=\"wp-block-latest-posts__featured-image\"><img loading=\"lazy\" decoding=\"async\" width=\"500\" height=\"500\" src=\"https:\/\/realschule-gruenstrasse.de\/wp-content\/uploads\/2025\/11\/IMG_1336-500x500.jpeg\" class=\"attachment-thumbnail size-thumbnail wp-post-image\" alt=\"\" style=\"\" \/><\/div><a class=\"wp-block-latest-posts__post-title\" href=\"https:\/\/realschule-gruenstrasse.de\/?p=1241\">Klima-Baumpflanzaktion f\u00fcr die Zukunft!<\/a><time datetime=\"2025-11-24T15:13:30+01:00\" class=\"wp-block-latest-posts__post-date\">24. November 2025<\/time><div class=\"wp-block-latest-posts__post-excerpt\">Im Schulenberger Wald w\u00e4chst ein neues St\u00fcck Zukunft:Ein gro\u00dfer Teil der rund 500 jungen B\u00e4ume wurde dort von unseren Sch\u00fclerinnen und Sch\u00fclern gepflanzt \u2013 unterst\u00fctzt von der Stadt Hattingen und der Volksbank Sprockh\u00f6vel. Der Hintergrund: Viele heimische Baumarten wie Ahorn, Buche oder Fichte leiden zunehmend unter D\u00fcrren, St\u00fcrmen und Sch\u00e4dlingen. Damit unser Wald auch in&hellip;&nbsp;<a href=\"https:\/\/realschule-gruenstrasse.de\/?p=1241\" rel=\"bookmark\">Weiterlesen &raquo;<span class=\"screen-reader-text\">Klima-Baumpflanzaktion f\u00fcr die Zukunft!<\/span><\/a><\/div><\/li>\n<li><div class=\"wp-block-latest-posts__featured-image\"><img loading=\"lazy\" decoding=\"async\" width=\"500\" height=\"500\" src=\"https:\/\/realschule-gruenstrasse.de\/wp-content\/uploads\/2025\/11\/IMG_1200-500x500.jpeg\" class=\"attachment-thumbnail size-thumbnail wp-post-image\" alt=\"\" style=\"\" \/><\/div><a class=\"wp-block-latest-posts__post-title\" href=\"https:\/\/realschule-gruenstrasse.de\/?p=1232\">Lesewettbewerb 2025<\/a><time datetime=\"2025-11-21T14:42:21+01:00\" class=\"wp-block-latest-posts__post-date\">21. November 2025<\/time><div class=\"wp-block-latest-posts__post-excerpt\">Am 21.11.2025 fand an unserer Schule der Vorlesewettbewerb des 6. Jahrgangs statt. Mit viel Begeisterung und gro\u00dfem Einsatz traten unsere Sch\u00fclerinnen und Sch\u00fcler gegeneinander an. Die Teilnehmerinnen und Teilnehmer waren: Ra\u00fal De Luca Amira Allouss Sediba Bambura Fabio Grandau. Alle vier haben das Publikum begeistert. Sie haben tolle Beitr\u00e4ge geleistet. Damit haben sie gezeigt, wie&hellip;&nbsp;<a href=\"https:\/\/realschule-gruenstrasse.de\/?p=1232\" rel=\"bookmark\">Weiterlesen &raquo;<span class=\"screen-reader-text\">Lesewettbewerb 2025<\/span><\/a><\/div><\/li>\n<li><div class=\"wp-block-latest-posts__featured-image\"><img loading=\"lazy\" decoding=\"async\" width=\"500\" height=\"139\" src=\"https:\/\/realschule-gruenstrasse.de\/wp-content\/uploads\/2023\/11\/RSG.jpg\" class=\"attachment-thumbnail size-thumbnail wp-post-image\" alt=\"\" style=\"\" \/><\/div><a class=\"wp-block-latest-posts__post-title\" href=\"https:\/\/realschule-gruenstrasse.de\/?p=1207\">Neugierig auf unsere Schule? Finden Sie es heraus!<\/a><time datetime=\"2025-11-04T09:18:13+01:00\" class=\"wp-block-latest-posts__post-date\">4. November 2025<\/time><div class=\"wp-block-latest-posts__post-excerpt\">Wir laden herzlich zu unserer Informationsveranstaltung ein und freuen uns, Sie alle dort zu sehen. Bitte melden Sie sich f\u00fcr die F\u00fchrungen an unter E-Mail: sek@rsghat.de oder per Telefon: 02324\/683190. Wir freuen uns auf unsere G\u00e4ste!<\/div><\/li>\n<li><div class=\"wp-block-latest-posts__featured-image\"><img loading=\"lazy\" decoding=\"async\" width=\"500\" height=\"500\" src=\"https:\/\/realschule-gruenstrasse.de\/wp-content\/uploads\/2025\/10\/IMG_7807-500x500.jpeg\" class=\"attachment-thumbnail size-thumbnail wp-post-image\" alt=\"\" style=\"\" \/><\/div><a class=\"wp-block-latest-posts__post-title\" href=\"https:\/\/realschule-gruenstrasse.de\/?p=1171\">E-Scooter-Schulung f\u00fcr Klasse 7 &#8211; die Polizei EN zu Gast an der RSG<\/a><time datetime=\"2025-10-06T15:07:26+02:00\" class=\"wp-block-latest-posts__post-date\">6. Oktober 2025<\/time><div class=\"wp-block-latest-posts__post-excerpt\">Am 01.10.2025 fand erstmalig die E-Scooter-Schulung der Polizei des EN-Kreises an der Realschule Gr\u00fcnstra\u00dfe statt. Die Schulung ist vom Verkehrsunfallpr\u00e4ventionsteam der Polizei des EN-Kreises entwickelt worden, da die Unfallzahlen bei E-Scootern rasant angestiegen sind. Die Kinder wurden bez\u00fcglich der m\u00f6glichen Gefahren, die die Nutzung eines E-Scooters mit sich bringt, sensibilisiert und lernten den rechtlichen Rahmen&hellip;&nbsp;<a href=\"https:\/\/realschule-gruenstrasse.de\/?p=1171\" rel=\"bookmark\">Weiterlesen &raquo;<span class=\"screen-reader-text\">E-Scooter-Schulung f\u00fcr Klasse 7 &#8211; die Polizei EN zu Gast an der RSG<\/span><\/a><\/div><\/li>\n<li><div class=\"wp-block-latest-posts__featured-image\"><img loading=\"lazy\" decoding=\"async\" width=\"500\" height=\"500\" src=\"https:\/\/realschule-gruenstrasse.de\/wp-content\/uploads\/2025\/08\/IMG_6850-500x500.jpeg\" class=\"attachment-thumbnail size-thumbnail wp-post-image\" alt=\"\" style=\"\" \/><\/div><a class=\"wp-block-latest-posts__post-title\" href=\"https:\/\/realschule-gruenstrasse.de\/?p=1125\">Cr\u00eape-Genuss im Franz\u00f6sischunterricht der Klasse 8<\/a><time datetime=\"2025-07-10T14:56:19+02:00\" class=\"wp-block-latest-posts__post-date\">10. Juli 2025<\/time><div class=\"wp-block-latest-posts__post-excerpt\">Heute wurde es im Franz\u00f6sischkurs der Klasse 8 besonders lecker: Auf dem Stundenplan stand das Backen von Cr\u00eapes! Mit viel Kreativit\u00e4t und Begeisterung zauberten die Sch\u00fclerinnen und Sch\u00fcler k\u00f6stliche Varianten des franz\u00f6sischen Klassikers. Die Ergebnisse konnten sich nicht nur sehen, sondern auch schmecken lassen \u2013 ganz im Sinne der Haute Cuisine. Der Franz\u00f6sischunterricht einmal ganz&hellip;&nbsp;<a href=\"https:\/\/realschule-gruenstrasse.de\/?p=1125\" rel=\"bookmark\">Weiterlesen &raquo;<span class=\"screen-reader-text\">Cr\u00eape-Genuss im Franz\u00f6sischunterricht der Klasse 8<\/span><\/a><\/div><\/li>\n<li><div class=\"wp-block-latest-posts__featured-image\"><img loading=\"lazy\" decoding=\"async\" width=\"500\" height=\"500\" src=\"https:\/\/realschule-gruenstrasse.de\/wp-content\/uploads\/2025\/06\/IMG_3525-500x500.jpeg\" class=\"attachment-thumbnail size-thumbnail wp-post-image\" alt=\"\" style=\"\" \/><\/div><a class=\"wp-block-latest-posts__post-title\" href=\"https:\/\/realschule-gruenstrasse.de\/?p=1093\">Austausch zwischen Hattingen und Enschede: Zwei St\u00e4dte, zwei Schulen &#8211; viele Erlebnisse und Gemeinsamkeiten<\/a><time datetime=\"2025-05-02T22:49:23+02:00\" class=\"wp-block-latest-posts__post-date\">2. Mai 2025<\/time><div class=\"wp-block-latest-posts__post-excerpt\">Im November letzten Jahres kamen im Rahmen unseres Austausches Sch\u00fclerinnen und Sch\u00fcler aus Enschede zu uns nach Hattingen. Der Tag begann mit einer Schulbesichtigung, bei der unsere holl\u00e4ndischen G\u00e4ste einen Einblick in den Schulalltag erhielten. Beim anschlie\u00dfenden Speed-Dating, bei der Projektarbeit zu Hattinger Sehensw\u00fcrdigkeiten und beim gemeinsamen Pizza-Essen lernten sich alle schnell besser kennen. Eine&hellip;&nbsp;<a href=\"https:\/\/realschule-gruenstrasse.de\/?p=1093\" rel=\"bookmark\">Weiterlesen &raquo;<span class=\"screen-reader-text\">Austausch zwischen Hattingen und Enschede: Zwei St\u00e4dte, zwei Schulen &#8211; viele Erlebnisse und Gemeinsamkeiten<\/span><\/a><\/div><\/li>\n<li><div class=\"wp-block-latest-posts__featured-image\"><img loading=\"lazy\" decoding=\"async\" width=\"500\" height=\"500\" src=\"https:\/\/realschule-gruenstrasse.de\/wp-content\/uploads\/2025\/02\/WhatsApp-Image-2025-02-06-at-11.25.10_0aace72a-2-500x500.jpg\" class=\"attachment-thumbnail size-thumbnail wp-post-image\" alt=\"\" style=\"\" \/><\/div><a class=\"wp-block-latest-posts__post-title\" href=\"https:\/\/realschule-gruenstrasse.de\/?p=1034\">Ged\u00e4mmte H\u00e4user &#8211; Energieeffizienz in der Praxis<\/a><time datetime=\"2025-02-25T08:53:29+01:00\" class=\"wp-block-latest-posts__post-date\">25. Februar 2025<\/time><div class=\"wp-block-latest-posts__post-excerpt\">Die Sch\u00fclerinnen und Sch\u00fcler der Klasse 5b haben sich intensiv mit dem Thema &#8222;Energie und Physik&#8220; besch\u00e4ftigt. Dabei haben sie Modelle von H\u00e4usern mitgebracht, von denen einige ged\u00e4mmt sind und andere nicht \u2013 genau wie in der realen Welt. Ziel dieses Projekts war es, die Bedeutung von D\u00e4mmung f\u00fcr den Energieverbrauch und die Energieeffizienz von&hellip;&nbsp;<a href=\"https:\/\/realschule-gruenstrasse.de\/?p=1034\" rel=\"bookmark\">Weiterlesen &raquo;<span class=\"screen-reader-text\">Ged\u00e4mmte H\u00e4user &#8211; Energieeffizienz in der Praxis<\/span><\/a><\/div><\/li>\n<li><div class=\"wp-block-latest-posts__featured-image\"><img loading=\"lazy\" decoding=\"async\" width=\"500\" height=\"500\" src=\"https:\/\/realschule-gruenstrasse.de\/wp-content\/uploads\/2025\/02\/WhatsApp-Image-2025-02-06-at-11.47.43_55736f46-500x500.jpg\" class=\"attachment-thumbnail size-thumbnail wp-post-image\" alt=\"\" style=\"\" \/><\/div><a class=\"wp-block-latest-posts__post-title\" href=\"https:\/\/realschule-gruenstrasse.de\/?p=1042\">Talentierte Sch\u00fclerinnen und Sch\u00fcler rocken die B\u00fchne<\/a><time datetime=\"2024-12-20T08:55:05+01:00\" class=\"wp-block-latest-posts__post-date\">20. Dezember 2024<\/time><div class=\"wp-block-latest-posts__post-excerpt\">Am letzten Schultag vor Weihnachten haben unsere Sch\u00fclerinnen und Sch\u00fcler der Klassen 5 bis 10 die B\u00fchne gerockt. Die von der Sch\u00fclervertretung organisierte Talentshow bot eine beeindruckende Vielfalt an Talenten: Zeichnen, Singen, Turnen, Tanzen, Fu\u00dfballtricks und vieles mehr. Die Zuschauer waren begeistert und haben die au\u00dfergew\u00f6hnlichen F\u00e4higkeiten unserer jungen Talente gefeiert. Wir freuen uns schon&hellip;&nbsp;<a href=\"https:\/\/realschule-gruenstrasse.de\/?p=1042\" rel=\"bookmark\">Weiterlesen &raquo;<span class=\"screen-reader-text\">Talentierte Sch\u00fclerinnen und Sch\u00fcler rocken die B\u00fchne<\/span><\/a><\/div><\/li>\n<li><div class=\"wp-block-latest-posts__featured-image\"><img loading=\"lazy\" decoding=\"async\" width=\"500\" height=\"500\" src=\"https:\/\/realschule-gruenstrasse.de\/wp-content\/uploads\/2025\/02\/IMG_8416-e1740575138941-500x500.png\" class=\"attachment-thumbnail size-thumbnail wp-post-image\" alt=\"\" style=\"\" \/><\/div><a class=\"wp-block-latest-posts__post-title\" href=\"https:\/\/realschule-gruenstrasse.de\/?p=1057\">Das Talentmobil der Hochschule Bochum an der RSG!<\/a><time datetime=\"2024-12-18T14:02:38+01:00\" class=\"wp-block-latest-posts__post-date\">18. Dezember 2024<\/time><div class=\"wp-block-latest-posts__post-excerpt\">Wir freuen uns, unsere erfolgreiche Kooperation mit der Fachschaft Physik und dem Talentmobil der Hochschule Bochum bekannt zu geben. Dank der F\u00f6rderung durch das Land Nordrhein-Westfalen im Rahmen des Talentscoutings konnten wir beeindruckende Workshops organisieren.Die tollen Arbeitsergebnisse, einschlie\u00dflich 3D-Modelle, verdanken wir der gro\u00dfartigen Unterst\u00fctzung unserer Partner. Sehen Sie sich die Bildergalerie unserer Workshops an und&hellip;&nbsp;<a href=\"https:\/\/realschule-gruenstrasse.de\/?p=1057\" rel=\"bookmark\">Weiterlesen &raquo;<span class=\"screen-reader-text\">Das Talentmobil der Hochschule Bochum an der RSG!<\/span><\/a><\/div><\/li>\n<li><div class=\"wp-block-latest-posts__featured-image\"><img loading=\"lazy\" decoding=\"async\" width=\"500\" height=\"500\" src=\"https:\/\/realschule-gruenstrasse.de\/wp-content\/uploads\/2025\/02\/IMG_0897-2-500x500.jpg\" class=\"attachment-thumbnail size-thumbnail wp-post-image\" alt=\"\" style=\"\" \/><\/div><a class=\"wp-block-latest-posts__post-title\" href=\"https:\/\/realschule-gruenstrasse.de\/?p=1047\">Fu\u00dfballturnier des 6. Jahrgang<\/a><time datetime=\"2024-12-17T09:08:59+01:00\" class=\"wp-block-latest-posts__post-date\">17. Dezember 2024<\/time><div class=\"wp-block-latest-posts__post-excerpt\">Am 17.12.24 fand das Fu\u00dfballturnier des 6. Jahrgangs in unserer Sporthalle statt. Das Turnier wurde, einschlie\u00dflich Schiedsrichter und Linienrichter von Sch\u00fclern und Sch\u00fclerinnen des 10. Jahrgangs begleitet. Gewonnen nach Punkten hat die Klasse 6d! Zum Schluss gab es noch einen harten Kampf um Platz zwei, den die Klasse 6c im Siebenmeter schie\u00dfen f\u00fcr sich entschied.<\/div><\/li>\n<li><div class=\"wp-block-latest-posts__featured-image\"><img loading=\"lazy\" decoding=\"async\" width=\"500\" height=\"500\" src=\"https:\/\/realschule-gruenstrasse.de\/wp-content\/uploads\/2025\/01\/Troedelmarkt-2-1-500x500.jpg\" class=\"attachment-thumbnail size-thumbnail wp-post-image\" alt=\"\" style=\"\" \/><\/div><a class=\"wp-block-latest-posts__post-title\" href=\"https:\/\/realschule-gruenstrasse.de\/?p=958\">Tr\u00f6delmarkt der 5.\/6. Klassen<\/a><time datetime=\"2024-12-04T17:47:37+01:00\" class=\"wp-block-latest-posts__post-date\">4. Dezember 2024<\/time><div class=\"wp-block-latest-posts__post-excerpt\">Die Sch\u00fclervertretung hat mit viel Engagement den zweiten Tr\u00f6delmarkt unserer Schule organisiert und erfolgreich durchgef\u00fchrt. Der Markt war ein voller Erfolg und hat den Sch\u00fclerinnen und Sch\u00fclern der Jahrg\u00e4nge 5 und 6 nicht nur erm\u00f6glicht, sich von Dingen zu trennen, die sie nicht mehr ben\u00f6tigen, sondern auch den verantwortungsvollen Umgang mit Geld zu lernen. Die&hellip;&nbsp;<a href=\"https:\/\/realschule-gruenstrasse.de\/?p=958\" rel=\"bookmark\">Weiterlesen &raquo;<span class=\"screen-reader-text\">Tr\u00f6delmarkt der 5.\/6. Klassen<\/span><\/a><\/div><\/li>\n<li><div class=\"wp-block-latest-posts__featured-image\"><img loading=\"lazy\" decoding=\"async\" width=\"500\" height=\"500\" src=\"https:\/\/realschule-gruenstrasse.de\/wp-content\/uploads\/2025\/01\/Vorlesewettbewerb-3-1-500x500.jpg\" class=\"attachment-thumbnail size-thumbnail wp-post-image\" alt=\"\" style=\"\" \/><\/div><a class=\"wp-block-latest-posts__post-title\" href=\"https:\/\/realschule-gruenstrasse.de\/?p=955\">Lesewettbewerb 2024<\/a><time datetime=\"2024-12-03T17:45:33+01:00\" class=\"wp-block-latest-posts__post-date\">3. Dezember 2024<\/time><div class=\"wp-block-latest-posts__post-excerpt\">An unserem heutigen Lesewettbewerb haben die Klassenbesten des 6. Jahrgangs teilgenommen. Der Schulsieger im Vorlesen ist Artur Avetisyan aus der Klasse 6c (2. von links) . Herzlichen\u00a0Gl\u00fcckwunsch!<\/div><\/li>\n<li><div class=\"wp-block-latest-posts__featured-image\"><img loading=\"lazy\" decoding=\"async\" width=\"500\" height=\"500\" src=\"https:\/\/realschule-gruenstrasse.de\/wp-content\/uploads\/2024\/07\/6-500x500.jpeg\" class=\"attachment-thumbnail size-thumbnail wp-post-image\" alt=\"\" style=\"\" \/><\/div><a class=\"wp-block-latest-posts__post-title\" href=\"https:\/\/realschule-gruenstrasse.de\/?p=926\">Galerie<\/a><time datetime=\"2024-07-29T18:36:10+02:00\" class=\"wp-block-latest-posts__post-date\">29. Juli 2024<\/time><div class=\"wp-block-latest-posts__post-excerpt\">Zu den Themen B\u00e4ume, Blumen und Roboter zeigen wir hier eine kleine Auswahl von Kunstwerken unserer Sch\u00fclerinnen und Sch\u00fcler, die im Kunstunterricht entstanden sind. Kreativit\u00e4t wird an der Realschule Gr\u00fcnstra\u00dfe gro\u00df geschrieben. K\u00fcnstlerische Begabungen f\u00f6rdern wir auch in der Arbeitsgemeinschaft Kunst. Eine Vielzahl k\u00fcnstlerischer Techniken, k\u00fcnstlerischer Bereiche (Grafik, Malerei, Plastik, Fotografie) und Ausdrucksm\u00f6glichkeiten werden angeboten&hellip;&nbsp;<a href=\"https:\/\/realschule-gruenstrasse.de\/?p=926\" rel=\"bookmark\">Weiterlesen &raquo;<span class=\"screen-reader-text\">Galerie<\/span><\/a><\/div><\/li>\n<li><div class=\"wp-block-latest-posts__featured-image\"><img loading=\"lazy\" decoding=\"async\" width=\"500\" height=\"500\" src=\"https:\/\/realschule-gruenstrasse.de\/wp-content\/uploads\/2024\/04\/Eier-500x500.jpg\" class=\"attachment-thumbnail size-thumbnail wp-post-image\" alt=\"\" style=\"\" \/><\/div><a class=\"wp-block-latest-posts__post-title\" href=\"https:\/\/realschule-gruenstrasse.de\/?p=847\">Fehler sind das Tor zu neuen Entdeckungen<\/a><time datetime=\"2024-03-22T20:44:02+01:00\" class=\"wp-block-latest-posts__post-date\">22. M\u00e4rz 2024<\/time><div class=\"wp-block-latest-posts__post-excerpt\">So steht es auf einem Glas-Ei am Fenster der Mensa. (Nick) Kurz vor den Ferien haben Lerngruppen aus den Jahrg\u00e4ngen 6 und 7 Mutmach-S\u00e4tze aufgeschrieben und ausgestellt. \u201eHabe den Mut, unperfekt zu sein.\u201c, \u201eManchmal zeigt sich der Weg erst, wenn man anf\u00e4ngt, ihn zu gehen.\u201c und: \u201e Vertrauen ist die stillste Form von Mut.\u201c (Titus)&hellip;&nbsp;<a href=\"https:\/\/realschule-gruenstrasse.de\/?p=847\" rel=\"bookmark\">Weiterlesen &raquo;<span class=\"screen-reader-text\">Fehler sind das Tor zu neuen Entdeckungen<\/span><\/a><\/div><\/li>\n<li><div class=\"wp-block-latest-posts__featured-image\"><img loading=\"lazy\" decoding=\"async\" width=\"500\" height=\"500\" src=\"https:\/\/realschule-gruenstrasse.de\/wp-content\/uploads\/2024\/02\/Sportevent-500x500.jpg\" class=\"attachment-thumbnail size-thumbnail wp-post-image\" alt=\"\" style=\"\" \/><\/div><a class=\"wp-block-latest-posts__post-title\" href=\"https:\/\/realschule-gruenstrasse.de\/?p=803\">Sportevent<\/a><time datetime=\"2024-02-06T22:00:01+01:00\" class=\"wp-block-latest-posts__post-date\">6. Februar 2024<\/time><div class=\"wp-block-latest-posts__post-excerpt\">Einen Schultag der besonderen Art erlebten die Sch\u00fclerinnen und Sch\u00fcler der RSG am 11. und 12. Dezember 2023. In der Sporthalle Talstra\u00dfe wurde von der Fachschaft Sport und dem Unternehmen Trixitt ein Sportevent der besonderen Art organisiert. Die Sch\u00fclerinnen und Sch\u00fcler durften sich in sechs verschiedenen Sportmodulen messen und traten dabei mit ihren Klassen gegeneinander&hellip;&nbsp;<a href=\"https:\/\/realschule-gruenstrasse.de\/?p=803\" rel=\"bookmark\">Weiterlesen &raquo;<span class=\"screen-reader-text\">Sportevent<\/span><\/a><\/div><\/li>\n<li><div class=\"wp-block-latest-posts__featured-image\"><img loading=\"lazy\" decoding=\"async\" width=\"500\" height=\"500\" src=\"https:\/\/realschule-gruenstrasse.de\/wp-content\/uploads\/2024\/02\/Postkarte-2-500x500.jpg\" class=\"attachment-thumbnail size-thumbnail wp-post-image\" alt=\"\" style=\"\" \/><\/div><a class=\"wp-block-latest-posts__post-title\" href=\"https:\/\/realschule-gruenstrasse.de\/?p=824\">Ausbildung safe<\/a><time datetime=\"2024-01-26T19:46:39+01:00\" class=\"wp-block-latest-posts__post-date\">26. Januar 2024<\/time><div class=\"wp-block-latest-posts__post-excerpt\">Im Auftrag des Ministeriums f\u00fcr Schule und Bildung informiert die RSG \u00fcber die landesweite Postkartenaktion im Rahmen der Aktion \u201eKein Abschluss ohne Anschluss\u201c zum Halbjahreszeugnis 2023\/2024. Das Team der Studien- und Berufswahlkoordination, Frau Schwarzkopf und Herr Helfers, unterst\u00fctzen bei der Berufswahl in Zusammenarbeit mit dem Berater der Berufsagentur f\u00fcr Arbeit. Bausteine des Berufswahlvorbereitungsprozesses sind die&hellip;&nbsp;<a href=\"https:\/\/realschule-gruenstrasse.de\/?p=824\" rel=\"bookmark\">Weiterlesen &raquo;<span class=\"screen-reader-text\">Ausbildung safe<\/span><\/a><\/div><\/li>\n<li><div class=\"wp-block-latest-posts__featured-image\"><img loading=\"lazy\" decoding=\"async\" width=\"500\" height=\"500\" src=\"https:\/\/realschule-gruenstrasse.de\/wp-content\/uploads\/2024\/02\/Vorlesewettbewerb-500x500.jpg\" class=\"attachment-thumbnail size-thumbnail wp-post-image\" alt=\"\" style=\"\" \/><\/div><a class=\"wp-block-latest-posts__post-title\" href=\"https:\/\/realschule-gruenstrasse.de\/?p=762\">Vorlesewettbewerb<\/a><time datetime=\"2023-12-02T10:16:20+01:00\" class=\"wp-block-latest-posts__post-date\">2. Dezember 2023<\/time><div class=\"wp-block-latest-posts__post-excerpt\">Am 28.11.2023 fand der diesj\u00e4hrige Schulentscheid f\u00fcr den Vorlesewettbewerb des B\u00f6rsenvereins des Deutschen Buchhandels an der RSG statt. In der ersten Runde lasen die Klassensieger*innen Melissa, Amin, Luca und Sam aus ihren Lieblingsb\u00fcchern vor. Darunter dieses Mal Klassiker wie \u201eHarryPotter&#8220; aber auch Passagen aus dem Kinderbuch \u201eFlora und Ulysses&#8220;.In der zweiten Runde las jedes Kind&hellip;&nbsp;<a href=\"https:\/\/realschule-gruenstrasse.de\/?p=762\" rel=\"bookmark\">Weiterlesen &raquo;<span class=\"screen-reader-text\">Vorlesewettbewerb<\/span><\/a><\/div><\/li>\n<li><div class=\"wp-block-latest-posts__featured-image\"><img loading=\"lazy\" decoding=\"async\" width=\"500\" height=\"482\" src=\"https:\/\/realschule-gruenstrasse.de\/wp-content\/uploads\/2024\/02\/Rugby-500x482.jpg\" class=\"attachment-thumbnail size-thumbnail wp-post-image\" alt=\"\" style=\"\" \/><\/div><a class=\"wp-block-latest-posts__post-title\" href=\"https:\/\/realschule-gruenstrasse.de\/?p=750\">RSG beim Rugby L\u00e4nderspiel<\/a><time datetime=\"2023-11-16T07:47:37+01:00\" class=\"wp-block-latest-posts__post-date\">16. November 2023<\/time><div class=\"wp-block-latest-posts__post-excerpt\">Am 21.10.2023 fand in Hattingen-Welper das Rugby League L\u00e4nderspiel Deutschland gegen die Niederlande statt. Einer der Nationalspieler ist Liam Doughton, ein ehemaliger Sch\u00fcler der RSG. Sein Vater Bob trainiert die Mannschaft. Frau Lemke, Herr Vogel und eine ansehnliche Anzahl sportbegeisterter Sch\u00fclerinnen und Sch\u00fcler der RSG feuerten die deutsche Mannschaft lautstark an, was aber leider am&hellip;&nbsp;<a href=\"https:\/\/realschule-gruenstrasse.de\/?p=750\" rel=\"bookmark\">Weiterlesen &raquo;<span class=\"screen-reader-text\">RSG beim Rugby L\u00e4nderspiel<\/span><\/a><\/div><\/li>\n<li><div class=\"wp-block-latest-posts__featured-image\"><img loading=\"lazy\" decoding=\"async\" width=\"500\" height=\"500\" src=\"https:\/\/realschule-gruenstrasse.de\/wp-content\/uploads\/2024\/02\/MINT-500x500.jpg\" class=\"attachment-thumbnail size-thumbnail wp-post-image\" alt=\"\" style=\"\" \/><\/div><a class=\"wp-block-latest-posts__post-title\" href=\"https:\/\/realschule-gruenstrasse.de\/?p=726\">RSG weiterhin MINT-Schule<\/a><time datetime=\"2023-07-15T22:32:11+02:00\" class=\"wp-block-latest-posts__post-date\">15. Juli 2023<\/time><div class=\"wp-block-latest-posts__post-excerpt\">Die Realschule Gr\u00fcnstra\u00dfe wurde 2023 erneut f\u00fcr weitere drei Jahre als MINT-Schule ausgezeichnet. Im Rahmen einer Feierstunde auf dem Campus der Universit\u00e4t Siegen erhielt unser MINT-Koordinator Herr Vogel die Urkunde. MINT SCHULE NRW ist ein starkes Netzwerk, in dem sich die zertifizierten MINT-Schulen in landesweiten MINT-Tagen zu den besten Ideen austauschen und von weiteren F\u00f6rderangeboten&hellip;&nbsp;<a href=\"https:\/\/realschule-gruenstrasse.de\/?p=726\" rel=\"bookmark\">Weiterlesen &raquo;<span class=\"screen-reader-text\">RSG weiterhin MINT-Schule<\/span><\/a><\/div><\/li>\n<li><div class=\"wp-block-latest-posts__featured-image\"><img loading=\"lazy\" decoding=\"async\" width=\"500\" height=\"500\" src=\"https:\/\/realschule-gruenstrasse.de\/wp-content\/uploads\/2024\/02\/Tierpark-500x500.jpg\" class=\"attachment-thumbnail size-thumbnail wp-post-image\" alt=\"\" style=\"\" \/><\/div><a class=\"wp-block-latest-posts__post-title\" href=\"https:\/\/realschule-gruenstrasse.de\/?p=633\">Biologie trifft Artenschutz<\/a><time datetime=\"2023-04-30T15:48:37+02:00\" class=\"wp-block-latest-posts__post-date\">30. April 2023<\/time><div class=\"wp-block-latest-posts__post-excerpt\">Der Biologie-Kurs im 8. Jahrgang der RSG engagiert sich f\u00fcr Naturschutzprojekte im Tierpark Bochum.Um die Ansiedlung heimischer Tierarten zu f\u00f6rdern und Lebensr\u00e4ume in Kleinformat anzubieten f\u00fchrt der Biologiekurs der Jahrgangsstufe 8 ein Projekt mit dem Tierpark durch. Dort wird die ehemalige Storchenwiese umgebaut und der Biologiekurs unter der gemeinsamen Leitung von Judith Becker aus dem&hellip;&nbsp;<a href=\"https:\/\/realschule-gruenstrasse.de\/?p=633\" rel=\"bookmark\">Weiterlesen &raquo;<span class=\"screen-reader-text\">Biologie trifft Artenschutz<\/span><\/a><\/div><\/li>\n<li><div class=\"wp-block-latest-posts__featured-image\"><img loading=\"lazy\" decoding=\"async\" width=\"500\" height=\"500\" src=\"https:\/\/realschule-gruenstrasse.de\/wp-content\/uploads\/2024\/02\/Pflanzaktion-500x500.jpg\" class=\"attachment-thumbnail size-thumbnail wp-post-image\" alt=\"\" style=\"\" \/><\/div><a class=\"wp-block-latest-posts__post-title\" href=\"https:\/\/realschule-gruenstrasse.de\/?p=621\">Baumpflanzaktion<\/a><time datetime=\"2023-04-15T15:16:11+02:00\" class=\"wp-block-latest-posts__post-date\">15. April 2023<\/time><div class=\"wp-block-latest-posts__post-excerpt\">Sch\u00fcler und Sch\u00fclerinnen des Neigungskurses Biologie im 7. Jahrgang der Realschule Gr\u00fcnstra\u00dfe machten sich am Montag, dem 27.03.2023 in Begleitung von Schulleiter J\u00fcrgen Ernst und der Biologie-Fachlehrerin Britta Weiher-van-Bonn auf den Weg zur Gro\u00dfen Schutzh\u00fctte in den Schulenberger Wald. Dort trafen sie auf Revierf\u00f6rster Thomas Jansen, B\u00fcrgermeister Dirk Glaser, Fachbereichsleiterin Solveig Holste, Stadtbetriebe und Tiefbau&hellip;&nbsp;<a href=\"https:\/\/realschule-gruenstrasse.de\/?p=621\" rel=\"bookmark\">Weiterlesen &raquo;<span class=\"screen-reader-text\">Baumpflanzaktion<\/span><\/a><\/div><\/li>\n<\/ul>","protected":false},"excerpt":{"rendered":"<p>Aktuelles<\/p>\n","protected":false},"author":1,"featured_media":0,"parent":0,"menu_order":0,"comment_status":"closed","ping_status":"closed","template":"","meta":{"neve_meta_sidebar":"","neve_meta_container":"default","neve_meta_enable_content_width":"on","neve_meta_content_width":100,"neve_meta_title_alignment":"","neve_meta_author_avatar":"","neve_post_elements_order":"","neve_meta_disable_header":"","neve_meta_disable_footer":"","neve_meta_disable_title":"on","footnotes":""},"class_list":["post-308","page","type-page","status-publish","hentry"],"_links":{"self":[{"href":"https:\/\/realschule-gruenstrasse.de\/index.php?rest_route=\/wp\/v2\/pages\/308","targetHints":{"allow":["GET"]}}],"collection":[{"href":"https:\/\/realschule-gruenstrasse.de\/index.php?rest_route=\/wp\/v2\/pages"}],"about":[{"href":"https:\/\/realschule-gruenstrasse.de\/index.php?rest_route=\/wp\/v2\/types\/page"}],"author":[{"embeddable":true,"href":"https:\/\/realschule-gruenstrasse.de\/index.php?rest_route=\/wp\/v2\/users\/1"}],"replies":[{"embeddable":true,"href":"https:\/\/realschule-gruenstrasse.de\/index.php?rest_route=%2Fwp%2Fv2%2Fcomments&post=308"}],"version-history":[{"count":19,"href":"https:\/\/realschule-gruenstrasse.de\/index.php?rest_route=\/wp\/v2\/pages\/308\/revisions"}],"predecessor-version":[{"id":1434,"href":"https:\/\/realschule-gruenstrasse.de\/index.php?rest_route=\/wp\/v2\/pages\/308\/revisions\/1434"}],"wp:attachment":[{"href":"https:\/\/realschule-gruenstrasse.de\/index.php?rest_route=%2Fwp%2Fv2%2Fmedia&parent=308"}],"curies":[{"name":"wp","href":"https:\/\/api.w.org\/{rel}","templated":true}]}}